{"id":1018,"date":"2024-03-15T11:22:43","date_gmt":"2024-03-15T16:22:43","guid":{"rendered":"https:\/\/revistaumanizales.cinde.org.co\/?page_id=1018"},"modified":"2024-03-15T17:26:01","modified_gmt":"2024-03-15T22:26:01","slug":"secciones","status":"publish","type":"page","link":"https:\/\/revistaumanizales.cinde.org.co\/pt\/secciones\/","title":{"rendered":"Secciones"},"content":{"rendered":"<div data-elementor-type=\"wp-page\" data-elementor-id=\"1018\" class=\"elementor elementor-1018\">\n\t\t\t\t\t\t<section class=\"elementor-section elementor-top-section elementor-element elementor-element-48d30f7e0 elementor-section-boxed elementor-section-height-default elementor-section-height-default wpr-particle-no wpr-jarallax-no wpr-parallax-no wpr-sticky-section-no\" data-id=\"48d30f7e0\" data-element_type=\"section\" data-settings=\"{&quot;background_background&quot;:&quot;classic&quot;}\">\n\t\t\t\t\t\t<div class=\"elementor-container elementor-column-gap-default\">\n\t\t\t\t\t<div class=\"elementor-column elementor-col-100 elementor-top-column elementor-element elementor-element-74c9425d\" data-id=\"74c9425d\" data-element_type=\"column\">\n\t\t\t<div class=\"elementor-widget-wrap elementor-element-populated\">\n\t\t\t\t\t\t<div class=\"elementor-element elementor-element-4818e558 wpr-grid-columns-3 wpr-grid-columns--tablet2 wpr-grid-columns--mobile1 wpr-grid-pagination-center wpr-item-styles-inner elementor-widget elementor-widget-wpr-grid\" data-id=\"4818e558\" data-element_type=\"widget\" data-widget_type=\"wpr-grid.default\">\n\t\t\t\t<div class=\"elementor-widget-container\">\n\t\t\t<ul class=\"wpr-grid-filters elementor-clearfix wpr-grid-filters-sep-right\"><li class=\"wpr-pointer-none wpr-pointer-line-fx wpr-pointer-fx-none\"><span data-filter=\"*\" class=\"wpr-active-filter\">All<\/span><em class=\"wpr-grid-filters-sep\"><\/em><\/li><ul data-parent=\".category-entrevistas\" class=\"wpr-sub-filters\"><li data-role=\"back\" class=\"wpr-pointer-none wpr-pointer-line-fx wpr-pointer-fx-none\"><span class=\"wpr-back-filter\" data-filter=\".category-entrevistas\"><i class=\"fas fa-long-arrow-alt-left\"><\/i>&nbsp;&nbsp;Back<\/span><\/li><li data-role=\"sub\" class=\"wpr-pointer-none wpr-pointer-line-fx wpr-pointer-fx-none\"><span  data-filter=\".category-volumen-21-entrevistas\">Volume 21<\/span><em class=\"wpr-grid-filters-sep\"><\/em><\/li><li data-role=\"sub\" class=\"wpr-pointer-none wpr-pointer-line-fx wpr-pointer-fx-none\"><span  data-filter=\".category-volumen-20-entrevistas\">Volumen 20<\/span><em class=\"wpr-grid-filters-sep\"><\/em><\/li><li data-role=\"sub\" class=\"wpr-pointer-none wpr-pointer-line-fx wpr-pointer-fx-none\"><span  data-filter=\".category-volumen-23-entrevistas\">Volumen 23<\/span><em class=\"wpr-grid-filters-sep\"><\/em><\/li><li data-role=\"sub\" class=\"wpr-pointer-none wpr-pointer-line-fx wpr-pointer-fx-none\"><span  data-filter=\".category-volumen-21-no-3-septiembre-diciembre-de-2023-volumen-21-entrevistas\">Volume 21 N\u00ba 3 Setembro-Dezembro de 2023<\/span><em class=\"wpr-grid-filters-sep\"><\/em><\/li><li data-role=\"sub\" class=\"wpr-pointer-none wpr-pointer-line-fx wpr-pointer-fx-none\"><span  data-filter=\".category-volumen-21-no-2-mayo-agosto-de-2023-volumen-21-entrevistas\">Volume 21 N\u00ba 2 Maio - Agosto de 2023<\/span><em class=\"wpr-grid-filters-sep\"><\/em><\/li><li data-role=\"sub\" class=\"wpr-pointer-none wpr-pointer-line-fx wpr-pointer-fx-none\"><span  data-filter=\".category-volumen-21-no-1-enero-abril-de-2023-volumen-21-entrevistas\">Volume 21 No. 1 Janeiro - Abril 2023<\/span><em class=\"wpr-grid-filters-sep\"><\/em><\/li><li data-role=\"sub\" class=\"wpr-pointer-none wpr-pointer-line-fx wpr-pointer-fx-none\"><span  data-filter=\".category-volumen-21-no-2-mayo-agosto-de-2023-volumen-21-ensayos-documentos\">Volume 21 N\u00ba 2 Maio - Agosto de 2023<\/span><em class=\"wpr-grid-filters-sep\"><\/em><\/li><li data-role=\"sub\" class=\"wpr-pointer-none wpr-pointer-line-fx wpr-pointer-fx-none\"><span  data-filter=\".category-volumen-20-no-3-septiembre-diciembre-de-2022-volumen-20-entrevistas\">Volume 20 No. 3 Setembro-Dezembro de 2022<\/span><em class=\"wpr-grid-filters-sep\"><\/em><\/li><li data-role=\"sub\" class=\"wpr-pointer-none wpr-pointer-line-fx wpr-pointer-fx-none\"><span  data-filter=\".category-volumen-20-no-2-mayo-agosto-de-2022-entrevistas\">Volumen 20 No. 2 mayo \u2013 agosto de 2022<\/span><em class=\"wpr-grid-filters-sep\"><\/em><\/li><li data-role=\"sub\" class=\"wpr-pointer-none wpr-pointer-line-fx wpr-pointer-fx-none\"><span  data-filter=\".category-volumen-23\">Volumen 23 No. 3 septiembre - diciembre de 2025<\/span><em class=\"wpr-grid-filters-sep\"><\/em><\/li><li data-role=\"sub\" class=\"wpr-pointer-none wpr-pointer-line-fx wpr-pointer-fx-none\"><span  data-filter=\".category-volumen-23-no-1-enero-abril-de-2025\">Volumen 23 No. 1 enero \u2013 abril de 2025<\/span><em class=\"wpr-grid-filters-sep\"><\/em><\/li><li data-role=\"sub\" class=\"wpr-pointer-none wpr-pointer-line-fx wpr-pointer-fx-none\"><span  data-filter=\".category-volumen-23-no-2-mayo-agosto-de-2025\">Volumen 23 No. 2 mayo \u2013 agosto de 2025<\/span><em class=\"wpr-grid-filters-sep\"><\/em><\/li><\/ul><\/ul><section class=\"wpr-grid elementor-clearfix\" data-settings=\"{&quot;layout&quot;:&quot;fitRows&quot;,&quot;stick_last_element_to_bottom&quot;:&quot;&quot;,&quot;columns_desktop&quot;:&quot;3&quot;,&quot;gutter_hr&quot;:15,&quot;gutter_hr_mobile&quot;:15,&quot;gutter_hr_mobile_extra&quot;:15,&quot;gutter_hr_tablet&quot;:15,&quot;gutter_hr_tablet_extra&quot;:15,&quot;gutter_hr_laptop&quot;:15,&quot;gutter_hr_widescreen&quot;:15,&quot;gutter_vr&quot;:15,&quot;gutter_vr_mobile&quot;:15,&quot;gutter_vr_mobile_extra&quot;:15,&quot;gutter_vr_tablet&quot;:15,&quot;gutter_vr_tablet_extra&quot;:15,&quot;gutter_vr_laptop&quot;:15,&quot;gutter_vr_widescreen&quot;:15,&quot;animation&quot;:&quot;fade&quot;,&quot;animation_duration&quot;:0.4,&quot;animation_delay&quot;:0.2,&quot;deeplinking&quot;:&quot;&quot;,&quot;filters_linkable&quot;:&quot;no&quot;,&quot;filters_default_filter&quot;:&quot;&quot;,&quot;filters_count&quot;:&quot;&quot;,&quot;filters_hide_empty&quot;:&quot;yes&quot;,&quot;filters_animation&quot;:&quot;default&quot;,&quot;filters_animation_duration&quot;:0.4,&quot;filters_animation_delay&quot;:0.2,&quot;pagination_type&quot;:&quot;load-more&quot;,&quot;pagination_max_pages&quot;:1,&quot;lightbox&quot;:{&quot;selector&quot;:&quot;.wpr-grid-image-wrap&quot;,&quot;iframeMaxWidth&quot;:&quot;60%&quot;,&quot;hash&quot;:false,&quot;autoplay&quot;:&quot;true&quot;,&quot;pause&quot;:5000,&quot;progressBar&quot;:&quot;true&quot;,&quot;counter&quot;:&quot;true&quot;,&quot;controls&quot;:&quot;true&quot;,&quot;getCaptionFromTitleOrAlt&quot;:&quot;true&quot;,&quot;thumbnail&quot;:&quot;&quot;,&quot;showThumbByDefault&quot;:&quot;&quot;,&quot;share&quot;:&quot;&quot;,&quot;zoom&quot;:&quot;true&quot;,&quot;fullScreen&quot;:&quot;true&quot;,&quot;download&quot;:&quot;true&quot;}}\"><article class=\"wpr-grid-item elementor-clearfix post-1146 post type-post status-publish format-standard hentry category-ensayos-documentos category-seccion-cuarta category-volumen-21-ensayos-documentos category-volumen-21-no-2-mayo-agosto-de-2023-volumen-21-ensayos-documentos entry\"><div class=\"wpr-grid-item-inner\"><div class=\"wpr-grid-item-above-content elementor-clearfix\"><h2 class=\"wpr-grid-item-title elementor-repeater-item-04b0433 wpr-grid-item-display-block wpr-grid-item-align-left wpr-pointer-none wpr-pointer-line-fx wpr-pointer-fx-fade\"><div class=\"inner-block\"><a target=\"_self\"  href=\"https:\/\/revistaumanizales.cinde.org.co\/pt\/interes-superior-de-ninas-ninos-y-adolescentes-interpretacion-adultocentrica-caso-oaxaca\/\">Melhores interesses de crian\u00e7as e adolescentes. Interpreta\u00e7\u00e3o centrada no adulto. Caso Oaxaca<\/a><\/div><\/h2><\/div><div class=\"wpr-grid-item-below-content elementor-clearfix\"><div class=\"wpr-grid-item-category elementor-repeater-item-66ca227 wpr-grid-item-display-block wpr-grid-item-align-left wpr-pointer-none wpr-pointer-line-fx wpr-pointer-fx-fade wpr-grid-tax-style-1\"><div class=\"inner-block\"><a class=\"wpr-tax-id-21\" href=\"https:\/\/revistaumanizales.cinde.org.co\/pt\/category\/seccion-cuarta\/ensayos-documentos\/\">Ensaios \/ Documentos<span class=\"tax-sep\">, <\/span><\/a><a class=\"wpr-tax-id-13\" href=\"https:\/\/revistaumanizales.cinde.org.co\/pt\/category\/seccion-cuarta\/\">Se\u00e7\u00e3o Quatro<span class=\"tax-sep\">, <\/span><\/a><a class=\"wpr-tax-id-22\" href=\"https:\/\/revistaumanizales.cinde.org.co\/pt\/category\/seccion-cuarta\/ensayos-documentos\/volumen-21-ensayos-documentos\/\">Volume 21<span class=\"tax-sep\">, <\/span><\/a><a class=\"wpr-tax-id-24\" href=\"https:\/\/revistaumanizales.cinde.org.co\/pt\/category\/seccion-cuarta\/entrevistas\/volumen-21-entrevistas\/volumen-21-no-2-mayo-agosto-de-2023-volumen-21-ensayos-documentos\/\">Volume 21 N\u00ba 2 Maio - Agosto de 2023<\/a><\/div><\/div><div class=\"wpr-grid-item-excerpt elementor-repeater-item-5241605 wpr-grid-item-display-block wpr-grid-item-align-left\"><div class=\"inner-block\"><p>Ad\u00e1n Gamboa-Fern\u00e1ndez1 Doi: https:\/\/dx.doi.org\/10.11600\/rlcsnj.21.2.5927 Powered By EmbedPress<\/p><\/div><\/div><div class=\"wpr-grid-item-read-more elementor-repeater-item-dc1027d wpr-grid-item-display-block wpr-grid-item-align-left\"><div class=\"inner-block\"><a target=\"_self\" href=\"https:\/\/revistaumanizales.cinde.org.co\/pt\/interes-superior-de-ninas-ninos-y-adolescentes-interpretacion-adultocentrica-caso-oaxaca\/\" class=\"wpr-button-effect wpr-button-none\"><span class=\"wpr-grid-extra-icon-left\"><svg aria-hidden=\"true\" class=\"e-font-icon-svg e-fas-file-pdf\" viewbox=\"0 0 384 512\" xmlns=\"http:\/\/www.w3.org\/2000\/svg\"><path d=\"M181.9 256.1c-5-16-4.9-46.9-2-46.9 8.4 0 7.6 36.9 2 46.9zm-1.7 47.2c-7.7 20.2-17.3 43.3-28.4 62.7 18.3-7 39-17.2 62.9-21.9-12.7-9.6-24.9-23.4-34.5-40.8zM86.1 428.1c0 .8 13.2-5.4 34.9-40.2-6.7 6.3-29.1 24.5-34.9 40.2zM248 160h136v328c0 13.3-10.7 24-24 24H24c-13.3 0-24-10.7-24-24V24C0 10.7 10.7 0 24 0h200v136c0 13.2 10.8 24 24 24zm-8 171.8c-20-12.2-33.3-29-42.7-53.8 4.5-18.5 11.6-46.6 6.2-64.2-4.7-29.4-42.4-26.5-47.8-6.8-5 18.3-.4 44.1 8.1 77-11.6 27.6-28.7 64.6-40.8 85.8-.1 0-.1.1-.2.1-27.1 13.9-73.6 44.5-54.5 68 5.6 6.9 16 10 21.5 10 17.9 0 35.7-18 61.1-61.8 25.8-8.5 54.1-19.1 79-23.2 21.7 11.8 47.1 19.5 64 19.5 29.2 0 31.2-32 19.7-43.4-13.9-13.6-54.3-9.7-73.6-7.2zM377 105L279 7c-4.5-4.5-10.6-7-17-7h-6v128h128v-6.1c0-6.3-2.5-12.4-7-16.9zm-74.1 255.3c4.1-2.7-2.5-11.9-42.8-9 37.1 15.8 42.8 9 42.8 9z\"><\/path><\/svg><\/span><span>Descargar PDF<\/span><\/a><\/div><\/div><\/div><\/div><\/article><article class=\"wpr-grid-item elementor-clearfix post-1144 post type-post status-publish format-standard hentry category-ensayos-documentos category-seccion-cuarta category-volumen-21-no-2-mayo-agosto-de-2023-volumen-21-ensayos-documentos entry\"><div class=\"wpr-grid-item-inner\"><div class=\"wpr-grid-item-above-content elementor-clearfix\"><h2 class=\"wpr-grid-item-title elementor-repeater-item-04b0433 wpr-grid-item-display-block wpr-grid-item-align-left wpr-pointer-none wpr-pointer-line-fx wpr-pointer-fx-fade\"><div class=\"inner-block\"><a target=\"_self\"  href=\"https:\/\/revistaumanizales.cinde.org.co\/pt\/las-enfermedades-respiratorias-y-alergicas-la-experiencia-del-padecimiento-desde-la-perspectiva-socio-cultural\/\">Doen\u00e7as respirat\u00f3rias e al\u00e9rgicas: a experi\u00eancia da doen\u00e7a em uma perspectiva sociocultural<\/a><\/div><\/h2><\/div><div class=\"wpr-grid-item-below-content elementor-clearfix\"><div class=\"wpr-grid-item-category elementor-repeater-item-66ca227 wpr-grid-item-display-block wpr-grid-item-align-left wpr-pointer-none wpr-pointer-line-fx wpr-pointer-fx-fade wpr-grid-tax-style-1\"><div class=\"inner-block\"><a class=\"wpr-tax-id-21\" href=\"https:\/\/revistaumanizales.cinde.org.co\/pt\/category\/seccion-cuarta\/ensayos-documentos\/\">Ensaios \/ Documentos<span class=\"tax-sep\">, <\/span><\/a><a class=\"wpr-tax-id-13\" href=\"https:\/\/revistaumanizales.cinde.org.co\/pt\/category\/seccion-cuarta\/\">Se\u00e7\u00e3o Quatro<span class=\"tax-sep\">, <\/span><\/a><a class=\"wpr-tax-id-24\" href=\"https:\/\/revistaumanizales.cinde.org.co\/pt\/category\/seccion-cuarta\/entrevistas\/volumen-21-entrevistas\/volumen-21-no-2-mayo-agosto-de-2023-volumen-21-ensayos-documentos\/\">Volume 21 N\u00ba 2 Maio - Agosto de 2023<\/a><\/div><\/div><div class=\"wpr-grid-item-excerpt elementor-repeater-item-5241605 wpr-grid-item-display-block wpr-grid-item-align-left\"><div class=\"inner-block\"><p>Elizabeth Sevilla1Universidad de Guadalajara, M\u00e9xico Javier Eduardo Garc\u00eda de Alba Garc\u00eda2Universidad de Guadalajara, M\u00e9xico Doi: https:\/\/dx.doi.org\/10.11600\/rlcsnj.21.2.5815 Powered By EmbedPress<\/p><\/div><\/div><div class=\"wpr-grid-item-read-more elementor-repeater-item-dc1027d wpr-grid-item-display-block wpr-grid-item-align-left\"><div class=\"inner-block\"><a target=\"_self\" href=\"https:\/\/revistaumanizales.cinde.org.co\/pt\/las-enfermedades-respiratorias-y-alergicas-la-experiencia-del-padecimiento-desde-la-perspectiva-socio-cultural\/\" class=\"wpr-button-effect wpr-button-none\"><span class=\"wpr-grid-extra-icon-left\"><svg aria-hidden=\"true\" class=\"e-font-icon-svg e-fas-file-pdf\" viewbox=\"0 0 384 512\" xmlns=\"http:\/\/www.w3.org\/2000\/svg\"><path d=\"M181.9 256.1c-5-16-4.9-46.9-2-46.9 8.4 0 7.6 36.9 2 46.9zm-1.7 47.2c-7.7 20.2-17.3 43.3-28.4 62.7 18.3-7 39-17.2 62.9-21.9-12.7-9.6-24.9-23.4-34.5-40.8zM86.1 428.1c0 .8 13.2-5.4 34.9-40.2-6.7 6.3-29.1 24.5-34.9 40.2zM248 160h136v328c0 13.3-10.7 24-24 24H24c-13.3 0-24-10.7-24-24V24C0 10.7 10.7 0 24 0h200v136c0 13.2 10.8 24 24 24zm-8 171.8c-20-12.2-33.3-29-42.7-53.8 4.5-18.5 11.6-46.6 6.2-64.2-4.7-29.4-42.4-26.5-47.8-6.8-5 18.3-.4 44.1 8.1 77-11.6 27.6-28.7 64.6-40.8 85.8-.1 0-.1.1-.2.1-27.1 13.9-73.6 44.5-54.5 68 5.6 6.9 16 10 21.5 10 17.9 0 35.7-18 61.1-61.8 25.8-8.5 54.1-19.1 79-23.2 21.7 11.8 47.1 19.5 64 19.5 29.2 0 31.2-32 19.7-43.4-13.9-13.6-54.3-9.7-73.6-7.2zM377 105L279 7c-4.5-4.5-10.6-7-17-7h-6v128h128v-6.1c0-6.3-2.5-12.4-7-16.9zm-74.1 255.3c4.1-2.7-2.5-11.9-42.8-9 37.1 15.8 42.8 9 42.8 9z\"><\/path><\/svg><\/span><span>Descargar PDF<\/span><\/a><\/div><\/div><\/div><\/div><\/article><article class=\"wpr-grid-item elementor-clearfix post-1054 post type-post status-publish format-standard hentry category-entrevistas category-seccion-cuarta category-volumen-21-entrevistas category-volumen-21-no-1-enero-abril-de-2023-volumen-21-entrevistas entry\"><div class=\"wpr-grid-item-inner\"><div class=\"wpr-grid-item-above-content elementor-clearfix\"><h2 class=\"wpr-grid-item-title elementor-repeater-item-04b0433 wpr-grid-item-display-block wpr-grid-item-align-left wpr-pointer-none wpr-pointer-line-fx wpr-pointer-fx-fade\"><div class=\"inner-block\"><a target=\"_self\"  href=\"https:\/\/revistaumanizales.cinde.org.co\/pt\/acompanamiento-psicosocial-a-ninez-y-adolescencia-familiares-de-personas-migrantes-desaparecidas\/\">Apoio psicossocial para crian\u00e7as e adolescentes que s\u00e3o parentes de migrantes desaparecidos<\/a><\/div><\/h2><\/div><div class=\"wpr-grid-item-below-content elementor-clearfix\"><div class=\"wpr-grid-item-category elementor-repeater-item-66ca227 wpr-grid-item-display-block wpr-grid-item-align-left wpr-pointer-none wpr-pointer-line-fx wpr-pointer-fx-fade wpr-grid-tax-style-1\"><div class=\"inner-block\"><a class=\"wpr-tax-id-14\" href=\"https:\/\/revistaumanizales.cinde.org.co\/pt\/category\/seccion-cuarta\/entrevistas\/\">Entrevistas<span class=\"tax-sep\">, <\/span><\/a><a class=\"wpr-tax-id-13\" href=\"https:\/\/revistaumanizales.cinde.org.co\/pt\/category\/seccion-cuarta\/\">Se\u00e7\u00e3o Quatro<span class=\"tax-sep\">, <\/span><\/a><a class=\"wpr-tax-id-15\" href=\"https:\/\/revistaumanizales.cinde.org.co\/pt\/category\/seccion-cuarta\/entrevistas\/volumen-21-entrevistas\/\">Volume 21<span class=\"tax-sep\">, <\/span><\/a><a class=\"wpr-tax-id-18\" href=\"https:\/\/revistaumanizales.cinde.org.co\/pt\/category\/seccion-cuarta\/entrevistas\/volumen-21-entrevistas\/volumen-21-no-1-enero-abril-de-2023-volumen-21-entrevistas\/\">Volume 21 No. 1 Janeiro - Abril 2023<\/a><\/div><\/div><div class=\"wpr-grid-item-excerpt elementor-repeater-item-5241605 wpr-grid-item-display-block wpr-grid-item-align-left\"><div class=\"inner-block\"><p>AUDIO: https:\/\/cloud.disroot.org\/s\/mzHtiFgcrgnE4wb?dir=undefined&amp;openfile=237146262 Powered By EmbedPress<\/p><\/div><\/div><div class=\"wpr-grid-item-read-more elementor-repeater-item-dc1027d wpr-grid-item-display-block wpr-grid-item-align-left\"><div class=\"inner-block\"><a target=\"_self\" href=\"https:\/\/revistaumanizales.cinde.org.co\/pt\/acompanamiento-psicosocial-a-ninez-y-adolescencia-familiares-de-personas-migrantes-desaparecidas\/\" class=\"wpr-button-effect wpr-button-none\"><span class=\"wpr-grid-extra-icon-left\"><svg aria-hidden=\"true\" class=\"e-font-icon-svg e-fas-file-pdf\" viewbox=\"0 0 384 512\" xmlns=\"http:\/\/www.w3.org\/2000\/svg\"><path d=\"M181.9 256.1c-5-16-4.9-46.9-2-46.9 8.4 0 7.6 36.9 2 46.9zm-1.7 47.2c-7.7 20.2-17.3 43.3-28.4 62.7 18.3-7 39-17.2 62.9-21.9-12.7-9.6-24.9-23.4-34.5-40.8zM86.1 428.1c0 .8 13.2-5.4 34.9-40.2-6.7 6.3-29.1 24.5-34.9 40.2zM248 160h136v328c0 13.3-10.7 24-24 24H24c-13.3 0-24-10.7-24-24V24C0 10.7 10.7 0 24 0h200v136c0 13.2 10.8 24 24 24zm-8 171.8c-20-12.2-33.3-29-42.7-53.8 4.5-18.5 11.6-46.6 6.2-64.2-4.7-29.4-42.4-26.5-47.8-6.8-5 18.3-.4 44.1 8.1 77-11.6 27.6-28.7 64.6-40.8 85.8-.1 0-.1.1-.2.1-27.1 13.9-73.6 44.5-54.5 68 5.6 6.9 16 10 21.5 10 17.9 0 35.7-18 61.1-61.8 25.8-8.5 54.1-19.1 79-23.2 21.7 11.8 47.1 19.5 64 19.5 29.2 0 31.2-32 19.7-43.4-13.9-13.6-54.3-9.7-73.6-7.2zM377 105L279 7c-4.5-4.5-10.6-7-17-7h-6v128h128v-6.1c0-6.3-2.5-12.4-7-16.9zm-74.1 255.3c4.1-2.7-2.5-11.9-42.8-9 37.1 15.8 42.8 9 42.8 9z\"><\/path><\/svg><\/span><span>Descargar PDF<\/span><\/a><\/div><\/div><\/div><\/div><\/article><article class=\"wpr-grid-item elementor-clearfix post-1048 post type-post status-publish format-standard has-post-thumbnail hentry category-volumen-21-no-2-mayo-agosto-de-2023-volumen-21-entrevistas entry has-media\"><div class=\"wpr-grid-item-inner\"><div class=\"wpr-grid-item-above-content elementor-clearfix\"><h2 class=\"wpr-grid-item-title elementor-repeater-item-04b0433 wpr-grid-item-display-block wpr-grid-item-align-left wpr-pointer-none wpr-pointer-line-fx wpr-pointer-fx-fade\"><div class=\"inner-block\"><a target=\"_self\"  href=\"https:\/\/revistaumanizales.cinde.org.co\/pt\/jovenes-biopolitica-grupos-juveniles-condicion-juvenil-y-territorios\/\">Juventude: biopol\u00edtica, grupos de jovens, status e territ\u00f3rios da juventude<\/a><\/div><\/h2><\/div><div class=\"wpr-grid-media-wrap wpr-effect-size-medium\" data-overlay-link=\"yes\"><div class=\"wpr-grid-image-wrap\" data-src=\"https:\/\/revistaumanizales.cinde.org.co\/wp-content\/uploads\/elementor\/thumbs\/dsc_412059639ee9d17ca-qkpykbn1s7563rffe0eikrk19077d36xsygjhx9bpk.jpg\" data-img-on-hover=\"\"  data-src-secondary=\"\"><img decoding=\"async\" data-no-lazy=\"1\" src=\"https:\/\/revistaumanizales.cinde.org.co\/wp-content\/uploads\/elementor\/thumbs\/dsc_412059639ee9d17ca-qkpykbn1s7563rffe0eikrk19077d36xsygjhx9bpk.jpg\" alt=\"J\u00f3venes: biopol\u00edtica, grupos juveniles, condici\u00f3n juvenil y territorios\" class=\"wpr-anim-timing-ease-default\"><\/div><div class=\"wpr-grid-media-hover wpr-animation-wrap\"><div class=\"wpr-grid-media-hover-bg  wpr-overlay-fade-in wpr-anim-size-large wpr-anim-timing-ease-default wpr-anim-transparency\" data-url=\"https:\/\/revistaumanizales.cinde.org.co\/pt\/jovenes-biopolitica-grupos-juveniles-condicion-juvenil-y-territorios\/\"><\/div><div class=\"wpr-cv-container\"><div class=\"wpr-cv-outer\"><div class=\"wpr-cv-inner\"><div class=\"wpr-grid-media-hover-middle elementor-clearfix\"><div class=\"wpr-grid-item-lightbox elementor-repeater-item-8944abd wpr-grid-item-display-block wpr-grid-item-align-center wpr-element-fade-in wpr-anim-size-large wpr-anim-timing-ease-default wpr-anim-transparency\"><div class=\"inner-block\"><span data-src=\"https:\/\/revistaumanizales.cinde.org.co\/wp-content\/uploads\/2024\/03\/dsc_412059639ee9d17ca.jpg\"><i class=\"fas fa-search\"><\/i><\/span><div class=\"wpr-grid-lightbox-overlay\"><\/div><\/div><\/div><\/div><\/div><\/div><\/div><\/div><\/div><div class=\"wpr-grid-item-below-content elementor-clearfix\"><div class=\"wpr-grid-item-category elementor-repeater-item-66ca227 wpr-grid-item-display-block wpr-grid-item-align-left wpr-pointer-none wpr-pointer-line-fx wpr-pointer-fx-fade wpr-grid-tax-style-1\"><div class=\"inner-block\"><a class=\"wpr-tax-id-17\" href=\"https:\/\/revistaumanizales.cinde.org.co\/pt\/category\/seccion-cuarta\/entrevistas\/volumen-21-entrevistas\/volumen-21-no-2-mayo-agosto-de-2023-volumen-21-entrevistas\/\">Volume 21 N\u00ba 2 Maio - Agosto de 2023<\/a><\/div><\/div><div class=\"wpr-grid-item-read-more elementor-repeater-item-dc1027d wpr-grid-item-display-block wpr-grid-item-align-left\"><div class=\"inner-block\"><a target=\"_self\" href=\"https:\/\/revistaumanizales.cinde.org.co\/pt\/jovenes-biopolitica-grupos-juveniles-condicion-juvenil-y-territorios\/\" class=\"wpr-button-effect wpr-button-none\"><span class=\"wpr-grid-extra-icon-left\"><svg aria-hidden=\"true\" class=\"e-font-icon-svg e-fas-file-pdf\" viewbox=\"0 0 384 512\" xmlns=\"http:\/\/www.w3.org\/2000\/svg\"><path d=\"M181.9 256.1c-5-16-4.9-46.9-2-46.9 8.4 0 7.6 36.9 2 46.9zm-1.7 47.2c-7.7 20.2-17.3 43.3-28.4 62.7 18.3-7 39-17.2 62.9-21.9-12.7-9.6-24.9-23.4-34.5-40.8zM86.1 428.1c0 .8 13.2-5.4 34.9-40.2-6.7 6.3-29.1 24.5-34.9 40.2zM248 160h136v328c0 13.3-10.7 24-24 24H24c-13.3 0-24-10.7-24-24V24C0 10.7 10.7 0 24 0h200v136c0 13.2 10.8 24 24 24zm-8 171.8c-20-12.2-33.3-29-42.7-53.8 4.5-18.5 11.6-46.6 6.2-64.2-4.7-29.4-42.4-26.5-47.8-6.8-5 18.3-.4 44.1 8.1 77-11.6 27.6-28.7 64.6-40.8 85.8-.1 0-.1.1-.2.1-27.1 13.9-73.6 44.5-54.5 68 5.6 6.9 16 10 21.5 10 17.9 0 35.7-18 61.1-61.8 25.8-8.5 54.1-19.1 79-23.2 21.7 11.8 47.1 19.5 64 19.5 29.2 0 31.2-32 19.7-43.4-13.9-13.6-54.3-9.7-73.6-7.2zM377 105L279 7c-4.5-4.5-10.6-7-17-7h-6v128h128v-6.1c0-6.3-2.5-12.4-7-16.9zm-74.1 255.3c4.1-2.7-2.5-11.9-42.8-9 37.1 15.8 42.8 9 42.8 9z\"><\/path><\/svg><\/span><span>Descargar PDF<\/span><\/a><\/div><\/div><\/div><\/div><\/article><article class=\"wpr-grid-item elementor-clearfix post-1040 post type-post status-publish format-standard has-post-thumbnail hentry category-volumen-21-no-3-septiembre-diciembre-de-2023-volumen-21-entrevistas entry has-media\"><div class=\"wpr-grid-item-inner\"><div class=\"wpr-grid-item-above-content elementor-clearfix\"><h2 class=\"wpr-grid-item-title elementor-repeater-item-04b0433 wpr-grid-item-display-block wpr-grid-item-align-left wpr-pointer-none wpr-pointer-line-fx wpr-pointer-fx-fade\"><div class=\"inner-block\"><a target=\"_self\"  href=\"https:\/\/revistaumanizales.cinde.org.co\/pt\/entrevista-a-laura-lundy\/\">Entrevista com Laura Lundy<\/a><\/div><\/h2><\/div><div class=\"wpr-grid-media-wrap wpr-effect-size-medium\" data-overlay-link=\"yes\"><div class=\"wpr-grid-image-wrap\" data-src=\"https:\/\/revistaumanizales.cinde.org.co\/wp-content\/uploads\/elementor\/thumbs\/Laura_Lundy-qkpyddlza9mwbhily0br5inf8ifkhlmc6kxdubk1oo.png\" data-img-on-hover=\"\"  data-src-secondary=\"\"><img decoding=\"async\" data-no-lazy=\"1\" src=\"https:\/\/revistaumanizales.cinde.org.co\/wp-content\/uploads\/elementor\/thumbs\/Laura_Lundy-qkpyddlza9mwbhily0br5inf8ifkhlmc6kxdubk1oo.png\" alt=\"Entrevista a Laura Lundy\" class=\"wpr-anim-timing-ease-default\"><\/div><div class=\"wpr-grid-media-hover wpr-animation-wrap\"><div class=\"wpr-grid-media-hover-bg  wpr-overlay-fade-in wpr-anim-size-large wpr-anim-timing-ease-default wpr-anim-transparency\" data-url=\"https:\/\/revistaumanizales.cinde.org.co\/pt\/entrevista-a-laura-lundy\/\"><\/div><div class=\"wpr-cv-container\"><div class=\"wpr-cv-outer\"><div class=\"wpr-cv-inner\"><div class=\"wpr-grid-media-hover-middle elementor-clearfix\"><div class=\"wpr-grid-item-lightbox elementor-repeater-item-8944abd wpr-grid-item-display-block wpr-grid-item-align-center wpr-element-fade-in wpr-anim-size-large wpr-anim-timing-ease-default wpr-anim-transparency\"><div class=\"inner-block\"><span data-src=\"https:\/\/revistaumanizales.cinde.org.co\/wp-content\/uploads\/2024\/03\/Laura_Lundy.png\"><i class=\"fas fa-search\"><\/i><\/span><div class=\"wpr-grid-lightbox-overlay\"><\/div><\/div><\/div><\/div><\/div><\/div><\/div><\/div><\/div><div class=\"wpr-grid-item-below-content elementor-clearfix\"><div class=\"wpr-grid-item-category elementor-repeater-item-66ca227 wpr-grid-item-display-block wpr-grid-item-align-left wpr-pointer-none wpr-pointer-line-fx wpr-pointer-fx-fade wpr-grid-tax-style-1\"><div class=\"inner-block\"><a class=\"wpr-tax-id-16\" href=\"https:\/\/revistaumanizales.cinde.org.co\/pt\/category\/seccion-cuarta\/entrevistas\/volumen-21-entrevistas\/volumen-21-no-3-septiembre-diciembre-de-2023-volumen-21-entrevistas\/\">Volume 21 N\u00ba 3 Setembro-Dezembro de 2023<\/a><\/div><\/div><div class=\"wpr-grid-item-excerpt elementor-repeater-item-5241605 wpr-grid-item-display-block wpr-grid-item-align-left\"><div class=\"inner-block\"><p>Natalia Castillo Az\u00f3car Trabajadora Social. Mag\u00edster \u00a9 en Trabajo Social Cl\u00ednico, Universidad de Valpara\u00edso, Chile. Correo electr\u00f3nico: natalia.castillo@uv.cl &nbsp; Powered&hellip;<\/p><\/div><\/div><div class=\"wpr-grid-item-read-more elementor-repeater-item-dc1027d wpr-grid-item-display-block wpr-grid-item-align-left\"><div class=\"inner-block\"><a target=\"_self\" href=\"https:\/\/revistaumanizales.cinde.org.co\/pt\/entrevista-a-laura-lundy\/\" class=\"wpr-button-effect wpr-button-none\"><span class=\"wpr-grid-extra-icon-left\"><svg aria-hidden=\"true\" class=\"e-font-icon-svg e-fas-file-pdf\" viewbox=\"0 0 384 512\" xmlns=\"http:\/\/www.w3.org\/2000\/svg\"><path d=\"M181.9 256.1c-5-16-4.9-46.9-2-46.9 8.4 0 7.6 36.9 2 46.9zm-1.7 47.2c-7.7 20.2-17.3 43.3-28.4 62.7 18.3-7 39-17.2 62.9-21.9-12.7-9.6-24.9-23.4-34.5-40.8zM86.1 428.1c0 .8 13.2-5.4 34.9-40.2-6.7 6.3-29.1 24.5-34.9 40.2zM248 160h136v328c0 13.3-10.7 24-24 24H24c-13.3 0-24-10.7-24-24V24C0 10.7 10.7 0 24 0h200v136c0 13.2 10.8 24 24 24zm-8 171.8c-20-12.2-33.3-29-42.7-53.8 4.5-18.5 11.6-46.6 6.2-64.2-4.7-29.4-42.4-26.5-47.8-6.8-5 18.3-.4 44.1 8.1 77-11.6 27.6-28.7 64.6-40.8 85.8-.1 0-.1.1-.2.1-27.1 13.9-73.6 44.5-54.5 68 5.6 6.9 16 10 21.5 10 17.9 0 35.7-18 61.1-61.8 25.8-8.5 54.1-19.1 79-23.2 21.7 11.8 47.1 19.5 64 19.5 29.2 0 31.2-32 19.7-43.4-13.9-13.6-54.3-9.7-73.6-7.2zM377 105L279 7c-4.5-4.5-10.6-7-17-7h-6v128h128v-6.1c0-6.3-2.5-12.4-7-16.9zm-74.1 255.3c4.1-2.7-2.5-11.9-42.8-9 37.1 15.8 42.8 9 42.8 9z\"><\/path><\/svg><\/span><span>Descargar PDF<\/span><\/a><\/div><\/div><\/div><\/div><\/article><article class=\"wpr-grid-item elementor-clearfix post-1038 post type-post status-publish format-standard has-post-thumbnail hentry category-volumen-21-no-3-septiembre-diciembre-de-2023-volumen-21-entrevistas entry has-media\"><div class=\"wpr-grid-item-inner\"><div class=\"wpr-grid-item-above-content elementor-clearfix\"><h2 class=\"wpr-grid-item-title elementor-repeater-item-04b0433 wpr-grid-item-display-block wpr-grid-item-align-left wpr-pointer-none wpr-pointer-line-fx wpr-pointer-fx-fade\"><div class=\"inner-block\"><a target=\"_self\"  href=\"https:\/\/revistaumanizales.cinde.org.co\/pt\/la-participacion-de-los-ninos-y-ninas-haciendo-realidad-los-derechos-de-ellos-y-ellas-en-escocia-entrevista-a-kay-tisdall\/\">La participaci\u00f3n de los ni\u00f1os y ni\u00f1as. Haciendo realidad los derechos de ellos y ellas en Escocia. Entrevista a Kay&hellip;<\/a><\/div><\/h2><\/div><div class=\"wpr-grid-media-wrap wpr-effect-size-medium\" data-overlay-link=\"yes\"><div class=\"wpr-grid-image-wrap\" data-src=\"https:\/\/revistaumanizales.cinde.org.co\/wp-content\/uploads\/elementor\/thumbs\/kai-qkpy3ptp1keszrjsctzsiyevfy1rdl9nirjq9xvpmw.png\" data-img-on-hover=\"\"  data-src-secondary=\"\"><img decoding=\"async\" data-no-lazy=\"1\" src=\"https:\/\/revistaumanizales.cinde.org.co\/wp-content\/uploads\/elementor\/thumbs\/kai-qkpy3ptp1keszrjsctzsiyevfy1rdl9nirjq9xvpmw.png\" alt=\"La participaci\u00f3n de los ni\u00f1os y ni\u00f1as. Haciendo realidad los derechos de ellos y ellas en Escocia. Entrevista a Kay Tisdall\" class=\"wpr-anim-timing-ease-default\"><\/div><div class=\"wpr-grid-media-hover wpr-animation-wrap\"><div class=\"wpr-grid-media-hover-bg  wpr-overlay-fade-in wpr-anim-size-large wpr-anim-timing-ease-default wpr-anim-transparency\" data-url=\"https:\/\/revistaumanizales.cinde.org.co\/pt\/la-participacion-de-los-ninos-y-ninas-haciendo-realidad-los-derechos-de-ellos-y-ellas-en-escocia-entrevista-a-kay-tisdall\/\"><\/div><div class=\"wpr-cv-container\"><div class=\"wpr-cv-outer\"><div class=\"wpr-cv-inner\"><div class=\"wpr-grid-media-hover-middle elementor-clearfix\"><div class=\"wpr-grid-item-lightbox elementor-repeater-item-8944abd wpr-grid-item-display-block wpr-grid-item-align-center wpr-element-fade-in wpr-anim-size-large wpr-anim-timing-ease-default wpr-anim-transparency\"><div class=\"inner-block\"><span data-src=\"https:\/\/revistaumanizales.cinde.org.co\/wp-content\/uploads\/2024\/03\/kai.png\"><i class=\"fas fa-search\"><\/i><\/span><div class=\"wpr-grid-lightbox-overlay\"><\/div><\/div><\/div><\/div><\/div><\/div><\/div><\/div><\/div><div class=\"wpr-grid-item-below-content elementor-clearfix\"><div class=\"wpr-grid-item-category elementor-repeater-item-66ca227 wpr-grid-item-display-block wpr-grid-item-align-left wpr-pointer-none wpr-pointer-line-fx wpr-pointer-fx-fade wpr-grid-tax-style-1\"><div class=\"inner-block\"><a class=\"wpr-tax-id-16\" href=\"https:\/\/revistaumanizales.cinde.org.co\/pt\/category\/seccion-cuarta\/entrevistas\/volumen-21-entrevistas\/volumen-21-no-3-septiembre-diciembre-de-2023-volumen-21-entrevistas\/\">Volume 21 N\u00ba 3 Setembro-Dezembro de 2023<\/a><\/div><\/div><div class=\"wpr-grid-item-excerpt elementor-repeater-item-5241605 wpr-grid-item-display-block wpr-grid-item-align-left\"><div class=\"inner-block\"><p>Manuela Garc\u00eda-Quiroga** Sara Salum** Powered By EmbedPress<\/p><\/div><\/div><div class=\"wpr-grid-item-read-more elementor-repeater-item-dc1027d wpr-grid-item-display-block wpr-grid-item-align-left\"><div class=\"inner-block\"><a target=\"_self\" href=\"https:\/\/revistaumanizales.cinde.org.co\/pt\/la-participacion-de-los-ninos-y-ninas-haciendo-realidad-los-derechos-de-ellos-y-ellas-en-escocia-entrevista-a-kay-tisdall\/\" class=\"wpr-button-effect wpr-button-none\"><span class=\"wpr-grid-extra-icon-left\"><svg aria-hidden=\"true\" class=\"e-font-icon-svg e-fas-file-pdf\" viewbox=\"0 0 384 512\" xmlns=\"http:\/\/www.w3.org\/2000\/svg\"><path d=\"M181.9 256.1c-5-16-4.9-46.9-2-46.9 8.4 0 7.6 36.9 2 46.9zm-1.7 47.2c-7.7 20.2-17.3 43.3-28.4 62.7 18.3-7 39-17.2 62.9-21.9-12.7-9.6-24.9-23.4-34.5-40.8zM86.1 428.1c0 .8 13.2-5.4 34.9-40.2-6.7 6.3-29.1 24.5-34.9 40.2zM248 160h136v328c0 13.3-10.7 24-24 24H24c-13.3 0-24-10.7-24-24V24C0 10.7 10.7 0 24 0h200v136c0 13.2 10.8 24 24 24zm-8 171.8c-20-12.2-33.3-29-42.7-53.8 4.5-18.5 11.6-46.6 6.2-64.2-4.7-29.4-42.4-26.5-47.8-6.8-5 18.3-.4 44.1 8.1 77-11.6 27.6-28.7 64.6-40.8 85.8-.1 0-.1.1-.2.1-27.1 13.9-73.6 44.5-54.5 68 5.6 6.9 16 10 21.5 10 17.9 0 35.7-18 61.1-61.8 25.8-8.5 54.1-19.1 79-23.2 21.7 11.8 47.1 19.5 64 19.5 29.2 0 31.2-32 19.7-43.4-13.9-13.6-54.3-9.7-73.6-7.2zM377 105L279 7c-4.5-4.5-10.6-7-17-7h-6v128h128v-6.1c0-6.3-2.5-12.4-7-16.9zm-74.1 255.3c4.1-2.7-2.5-11.9-42.8-9 37.1 15.8 42.8 9 42.8 9z\"><\/path><\/svg><\/span><span>Descargar PDF<\/span><\/a><\/div><\/div><\/div><\/div><\/article><article class=\"wpr-grid-item elementor-clearfix post-1016 post type-post status-publish format-standard has-post-thumbnail hentry category-volumen-21-no-3-septiembre-diciembre-de-2023-volumen-21-entrevistas entry has-media\"><div class=\"wpr-grid-item-inner\"><div class=\"wpr-grid-item-above-content elementor-clearfix\"><h2 class=\"wpr-grid-item-title elementor-repeater-item-04b0433 wpr-grid-item-display-block wpr-grid-item-align-left wpr-pointer-none wpr-pointer-line-fx wpr-pointer-fx-fade\"><div class=\"inner-block\"><a target=\"_self\"  href=\"https:\/\/revistaumanizales.cinde.org.co\/pt\/incorporacion-de-ninos-ninas-y-jovenes-en-la-participacion-de-investigaciones-sociales-entrevista-al-dr-patricio-cuevas-parra\/\">Envolvimento de crian\u00e7as e jovens na participa\u00e7\u00e3o de pesquisas sociais. Entrevista com o Dr. Patricio Cuevas-Parra<\/a><\/div><\/h2><\/div><div class=\"wpr-grid-media-wrap wpr-effect-size-medium\" data-overlay-link=\"yes\"><div class=\"wpr-grid-image-wrap\" data-src=\"https:\/\/revistaumanizales.cinde.org.co\/wp-content\/uploads\/elementor\/thumbs\/patricio-1-qkpwptk4963uoy0yprjqo1p08lzbs06lnsuu65v1xk.png\" data-img-on-hover=\"\"  data-src-secondary=\"\"><img decoding=\"async\" data-no-lazy=\"1\" src=\"https:\/\/revistaumanizales.cinde.org.co\/wp-content\/uploads\/elementor\/thumbs\/patricio-1-qkpwptk4963uoy0yprjqo1p08lzbs06lnsuu65v1xk.png\" alt=\"Incorporaci\u00f3n de ni\u00f1os, ni\u00f1as y j\u00f3venes en la participaci\u00f3n de investigaciones sociales. Entrevista al Dr. Patricio Cuevas-Parra\" class=\"wpr-anim-timing-ease-default\"><\/div><div class=\"wpr-grid-media-hover wpr-animation-wrap\"><div class=\"wpr-grid-media-hover-bg  wpr-overlay-fade-in wpr-anim-size-large wpr-anim-timing-ease-default wpr-anim-transparency\" data-url=\"https:\/\/revistaumanizales.cinde.org.co\/pt\/incorporacion-de-ninos-ninas-y-jovenes-en-la-participacion-de-investigaciones-sociales-entrevista-al-dr-patricio-cuevas-parra\/\"><\/div><div class=\"wpr-cv-container\"><div class=\"wpr-cv-outer\"><div class=\"wpr-cv-inner\"><div class=\"wpr-grid-media-hover-middle elementor-clearfix\"><div class=\"wpr-grid-item-lightbox elementor-repeater-item-8944abd wpr-grid-item-display-block wpr-grid-item-align-center wpr-element-fade-in wpr-anim-size-large wpr-anim-timing-ease-default wpr-anim-transparency\"><div class=\"inner-block\"><span data-src=\"https:\/\/revistaumanizales.cinde.org.co\/wp-content\/uploads\/2024\/03\/patricio-1.png\"><i class=\"fas fa-search\"><\/i><\/span><div class=\"wpr-grid-lightbox-overlay\"><\/div><\/div><\/div><\/div><\/div><\/div><\/div><\/div><\/div><div class=\"wpr-grid-item-below-content elementor-clearfix\"><div class=\"wpr-grid-item-category elementor-repeater-item-66ca227 wpr-grid-item-display-block wpr-grid-item-align-left wpr-pointer-none wpr-pointer-line-fx wpr-pointer-fx-fade wpr-grid-tax-style-1\"><div class=\"inner-block\"><a class=\"wpr-tax-id-16\" href=\"https:\/\/revistaumanizales.cinde.org.co\/pt\/category\/seccion-cuarta\/entrevistas\/volumen-21-entrevistas\/volumen-21-no-3-septiembre-diciembre-de-2023-volumen-21-entrevistas\/\">Volume 21 N\u00ba 3 Setembro-Dezembro de 2023<\/a><\/div><\/div><div class=\"wpr-grid-item-excerpt elementor-repeater-item-5241605 wpr-grid-item-display-block wpr-grid-item-align-left\"><div class=\"inner-block\"><p>G\u00e9nesis Aguilera Mar\u00eda Cifuentes Macarena Esc\u00e1rate Powered By EmbedPress<\/p><\/div><\/div><div class=\"wpr-grid-item-read-more elementor-repeater-item-dc1027d wpr-grid-item-display-block wpr-grid-item-align-left\"><div class=\"inner-block\"><a target=\"_self\" href=\"https:\/\/revistaumanizales.cinde.org.co\/pt\/incorporacion-de-ninos-ninas-y-jovenes-en-la-participacion-de-investigaciones-sociales-entrevista-al-dr-patricio-cuevas-parra\/\" class=\"wpr-button-effect wpr-button-none\"><span class=\"wpr-grid-extra-icon-left\"><svg aria-hidden=\"true\" class=\"e-font-icon-svg e-fas-file-pdf\" viewbox=\"0 0 384 512\" xmlns=\"http:\/\/www.w3.org\/2000\/svg\"><path d=\"M181.9 256.1c-5-16-4.9-46.9-2-46.9 8.4 0 7.6 36.9 2 46.9zm-1.7 47.2c-7.7 20.2-17.3 43.3-28.4 62.7 18.3-7 39-17.2 62.9-21.9-12.7-9.6-24.9-23.4-34.5-40.8zM86.1 428.1c0 .8 13.2-5.4 34.9-40.2-6.7 6.3-29.1 24.5-34.9 40.2zM248 160h136v328c0 13.3-10.7 24-24 24H24c-13.3 0-24-10.7-24-24V24C0 10.7 10.7 0 24 0h200v136c0 13.2 10.8 24 24 24zm-8 171.8c-20-12.2-33.3-29-42.7-53.8 4.5-18.5 11.6-46.6 6.2-64.2-4.7-29.4-42.4-26.5-47.8-6.8-5 18.3-.4 44.1 8.1 77-11.6 27.6-28.7 64.6-40.8 85.8-.1 0-.1.1-.2.1-27.1 13.9-73.6 44.5-54.5 68 5.6 6.9 16 10 21.5 10 17.9 0 35.7-18 61.1-61.8 25.8-8.5 54.1-19.1 79-23.2 21.7 11.8 47.1 19.5 64 19.5 29.2 0 31.2-32 19.7-43.4-13.9-13.6-54.3-9.7-73.6-7.2zM377 105L279 7c-4.5-4.5-10.6-7-17-7h-6v128h128v-6.1c0-6.3-2.5-12.4-7-16.9zm-74.1 255.3c4.1-2.7-2.5-11.9-42.8-9 37.1 15.8 42.8 9 42.8 9z\"><\/path><\/svg><\/span><span>Descargar PDF<\/span><\/a><\/div><\/div><\/div><\/div><\/article><\/section>\t\t<\/div>\n\t\t\t\t<\/div>\n\t\t\t\t\t<\/div>\n\t\t<\/div>\n\t\t\t\t\t<\/div>\n\t\t<\/section>\n\t\t\t\t<\/div>","protected":false},"excerpt":{"rendered":"<p>All &nbsp;&nbsp;Back Volumen 21 No. 3 septiembre- diciembre de 2023 Volumen 21Descargar PDF<\/p>","protected":false},"author":1,"featured_media":0,"parent":0,"menu_order":0,"comment_status":"closed","ping_status":"closed","template":"","meta":{"footnotes":""},"class_list":["post-1018","page","type-page","status-publish","hentry","entry","has-media"],"yoast_head":"<!-- This site is optimized with the Yoast SEO plugin v23.6 - https:\/\/yoast.com\/wordpress\/plugins\/seo\/ -->\n<title>Secciones - Revista Latinoamericana de Ciencias Sociales Ni\u00f1ez y Juventud<\/title>\n<meta name=\"robots\" content=\"index, follow, max-snippet:-1, max-image-preview:large, max-video-preview:-1\" \/>\n<link rel=\"canonical\" href=\"https:\/\/revistaumanizales.cinde.org.co\/pt\/secciones\/\" \/>\n<meta property=\"og:locale\" content=\"pt_BR\" \/>\n<meta property=\"og:type\" content=\"article\" \/>\n<meta property=\"og:title\" content=\"Secciones - Revista Latinoamericana de Ciencias Sociales Ni\u00f1ez y Juventud\" \/>\n<meta property=\"og:description\" content=\"All &nbsp;&nbsp;Back Volumen 21 No. 3 septiembre- diciembre de 2023 Volumen 21Descargar PDF\" \/>\n<meta property=\"og:url\" content=\"https:\/\/revistaumanizales.cinde.org.co\/pt\/secciones\/\" \/>\n<meta property=\"og:site_name\" content=\"Revista Latinoamericana de Ciencias Sociales Ni\u00f1ez y Juventud\" \/>\n<meta property=\"article:modified_time\" content=\"2024-03-15T22:26:01+00:00\" \/>\n<meta property=\"og:image\" content=\"https:\/\/revistaumanizales.cinde.org.co\/wp-content\/uploads\/2024\/03\/patricio-1-150x150.png\" \/>\n<meta name=\"twitter:card\" content=\"summary_large_image\" \/>\n<script type=\"application\/ld+json\" class=\"yoast-schema-graph\">{\"@context\":\"https:\/\/schema.org\",\"@graph\":[{\"@type\":\"WebPage\",\"@id\":\"https:\/\/revistaumanizales.cinde.org.co\/secciones\/\",\"url\":\"https:\/\/revistaumanizales.cinde.org.co\/secciones\/\",\"name\":\"Secciones - Revista Latinoamericana de Ciencias Sociales Ni\u00f1ez y Juventud\",\"isPartOf\":{\"@id\":\"https:\/\/revistaumanizales.cinde.org.co\/en\/#website\"},\"primaryImageOfPage\":{\"@id\":\"https:\/\/revistaumanizales.cinde.org.co\/secciones\/#primaryimage\"},\"image\":{\"@id\":\"https:\/\/revistaumanizales.cinde.org.co\/secciones\/#primaryimage\"},\"thumbnailUrl\":\"https:\/\/revistaumanizales.cinde.org.co\/wp-content\/uploads\/2024\/03\/patricio-1-150x150.png\",\"datePublished\":\"2024-03-15T16:22:43+00:00\",\"dateModified\":\"2024-03-15T22:26:01+00:00\",\"breadcrumb\":{\"@id\":\"https:\/\/revistaumanizales.cinde.org.co\/secciones\/#breadcrumb\"},\"inLanguage\":\"pt-BR\",\"potentialAction\":[{\"@type\":\"ReadAction\",\"target\":[\"https:\/\/revistaumanizales.cinde.org.co\/secciones\/\"]}]},{\"@type\":\"ImageObject\",\"inLanguage\":\"pt-BR\",\"@id\":\"https:\/\/revistaumanizales.cinde.org.co\/secciones\/#primaryimage\",\"url\":\"https:\/\/revistaumanizales.cinde.org.co\/wp-content\/uploads\/2024\/03\/patricio-1-150x150.png\",\"contentUrl\":\"https:\/\/revistaumanizales.cinde.org.co\/wp-content\/uploads\/2024\/03\/patricio-1-150x150.png\"},{\"@type\":\"BreadcrumbList\",\"@id\":\"https:\/\/revistaumanizales.cinde.org.co\/secciones\/#breadcrumb\",\"itemListElement\":[{\"@type\":\"ListItem\",\"position\":1,\"name\":\"Inicio\",\"item\":\"https:\/\/revistaumanizales.cinde.org.co\/\"},{\"@type\":\"ListItem\",\"position\":2,\"name\":\"Secciones\"}]},{\"@type\":\"WebSite\",\"@id\":\"https:\/\/revistaumanizales.cinde.org.co\/en\/#website\",\"url\":\"https:\/\/revistaumanizales.cinde.org.co\/en\/\",\"name\":\"Revista Latinoamericana de Ciencias Sociales Ni\u00f1ez y Juventud\",\"description\":\"\",\"publisher\":{\"@id\":\"https:\/\/revistaumanizales.cinde.org.co\/en\/#organization\"},\"potentialAction\":[{\"@type\":\"SearchAction\",\"target\":{\"@type\":\"EntryPoint\",\"urlTemplate\":\"https:\/\/revistaumanizales.cinde.org.co\/en\/?s={search_term_string}\"},\"query-input\":{\"@type\":\"PropertyValueSpecification\",\"valueRequired\":true,\"valueName\":\"search_term_string\"}}],\"inLanguage\":\"pt-BR\"},{\"@type\":\"Organization\",\"@id\":\"https:\/\/revistaumanizales.cinde.org.co\/en\/#organization\",\"name\":\"Revista Latinoamericana de Ciencias Sociales Ni\u00f1ez y Juventud\",\"url\":\"https:\/\/revistaumanizales.cinde.org.co\/en\/\",\"logo\":{\"@type\":\"ImageObject\",\"inLanguage\":\"pt-BR\",\"@id\":\"https:\/\/revistaumanizales.cinde.org.co\/en\/#\/schema\/logo\/image\/\",\"url\":\"https:\/\/revistaumanizales.cinde.org.co\/wp-content\/uploads\/2016\/11\/logo.png\",\"contentUrl\":\"https:\/\/revistaumanizales.cinde.org.co\/wp-content\/uploads\/2016\/11\/logo.png\",\"width\":354,\"height\":60,\"caption\":\"Revista Latinoamericana de Ciencias Sociales Ni\u00f1ez y Juventud\"},\"image\":{\"@id\":\"https:\/\/revistaumanizales.cinde.org.co\/en\/#\/schema\/logo\/image\/\"}}]}<\/script>\n<!-- \/ Yoast SEO plugin. -->","yoast_head_json":{"title":"Secciones - Revista Latinoamericana de Ciencias Sociales Ni\u00f1ez y Juventud","robots":{"index":"index","follow":"follow","max-snippet":"max-snippet:-1","max-image-preview":"max-image-preview:large","max-video-preview":"max-video-preview:-1"},"canonical":"https:\/\/revistaumanizales.cinde.org.co\/pt\/secciones\/","og_locale":"pt_BR","og_type":"article","og_title":"Secciones - Revista Latinoamericana de Ciencias Sociales Ni\u00f1ez y Juventud","og_description":"All &nbsp;&nbsp;Back Volumen 21 No. 3 septiembre- diciembre de 2023 Volumen 21Descargar PDF","og_url":"https:\/\/revistaumanizales.cinde.org.co\/pt\/secciones\/","og_site_name":"Revista Latinoamericana de Ciencias Sociales Ni\u00f1ez y Juventud","article_modified_time":"2024-03-15T22:26:01+00:00","og_image":[{"url":"https:\/\/revistaumanizales.cinde.org.co\/wp-content\/uploads\/2024\/03\/patricio-1-150x150.png"}],"twitter_card":"summary_large_image","schema":{"@context":"https:\/\/schema.org","@graph":[{"@type":"WebPage","@id":"https:\/\/revistaumanizales.cinde.org.co\/secciones\/","url":"https:\/\/revistaumanizales.cinde.org.co\/secciones\/","name":"Secciones - Revista Latinoamericana de Ciencias Sociales Ni\u00f1ez y Juventud","isPartOf":{"@id":"https:\/\/revistaumanizales.cinde.org.co\/en\/#website"},"primaryImageOfPage":{"@id":"https:\/\/revistaumanizales.cinde.org.co\/secciones\/#primaryimage"},"image":{"@id":"https:\/\/revistaumanizales.cinde.org.co\/secciones\/#primaryimage"},"thumbnailUrl":"https:\/\/revistaumanizales.cinde.org.co\/wp-content\/uploads\/2024\/03\/patricio-1-150x150.png","datePublished":"2024-03-15T16:22:43+00:00","dateModified":"2024-03-15T22:26:01+00:00","breadcrumb":{"@id":"https:\/\/revistaumanizales.cinde.org.co\/secciones\/#breadcrumb"},"inLanguage":"pt-BR","potentialAction":[{"@type":"ReadAction","target":["https:\/\/revistaumanizales.cinde.org.co\/secciones\/"]}]},{"@type":"ImageObject","inLanguage":"pt-BR","@id":"https:\/\/revistaumanizales.cinde.org.co\/secciones\/#primaryimage","url":"https:\/\/revistaumanizales.cinde.org.co\/wp-content\/uploads\/2024\/03\/patricio-1-150x150.png","contentUrl":"https:\/\/revistaumanizales.cinde.org.co\/wp-content\/uploads\/2024\/03\/patricio-1-150x150.png"},{"@type":"BreadcrumbList","@id":"https:\/\/revistaumanizales.cinde.org.co\/secciones\/#breadcrumb","itemListElement":[{"@type":"ListItem","position":1,"name":"Inicio","item":"https:\/\/revistaumanizales.cinde.org.co\/"},{"@type":"ListItem","position":2,"name":"Secciones"}]},{"@type":"WebSite","@id":"https:\/\/revistaumanizales.cinde.org.co\/en\/#website","url":"https:\/\/revistaumanizales.cinde.org.co\/en\/","name":"Revista Latinoamericana de Ciencias Sociales Ni\u00f1ez y Juventud","description":"","publisher":{"@id":"https:\/\/revistaumanizales.cinde.org.co\/en\/#organization"},"potentialAction":[{"@type":"SearchAction","target":{"@type":"EntryPoint","urlTemplate":"https:\/\/revistaumanizales.cinde.org.co\/en\/?s={search_term_string}"},"query-input":{"@type":"PropertyValueSpecification","valueRequired":true,"valueName":"search_term_string"}}],"inLanguage":"pt-BR"},{"@type":"Organization","@id":"https:\/\/revistaumanizales.cinde.org.co\/en\/#organization","name":"Revista Latinoamericana de Ciencias Sociales Ni\u00f1ez y Juventud","url":"https:\/\/revistaumanizales.cinde.org.co\/en\/","logo":{"@type":"ImageObject","inLanguage":"pt-BR","@id":"https:\/\/revistaumanizales.cinde.org.co\/en\/#\/schema\/logo\/image\/","url":"https:\/\/revistaumanizales.cinde.org.co\/wp-content\/uploads\/2016\/11\/logo.png","contentUrl":"https:\/\/revistaumanizales.cinde.org.co\/wp-content\/uploads\/2016\/11\/logo.png","width":354,"height":60,"caption":"Revista Latinoamericana de Ciencias Sociales Ni\u00f1ez y Juventud"},"image":{"@id":"https:\/\/revistaumanizales.cinde.org.co\/en\/#\/schema\/logo\/image\/"}}]}},"rttpg_featured_image_url":null,"rttpg_author":{"display_name":"R3V1ST4C1ND3","author_link":"https:\/\/revistaumanizales.cinde.org.co\/pt\/author\/r3v1st4c1nd3\/"},"rttpg_comment":0,"rttpg_category":"","rttpg_excerpt":"All &nbsp;&nbsp;Back Volumen 21 No. 3 septiembre- diciembre de 2023 Volumen 21Descargar PDF","_links":{"self":[{"href":"https:\/\/revistaumanizales.cinde.org.co\/pt\/wp-json\/wp\/v2\/pages\/1018"}],"collection":[{"href":"https:\/\/revistaumanizales.cinde.org.co\/pt\/wp-json\/wp\/v2\/pages"}],"about":[{"href":"https:\/\/revistaumanizales.cinde.org.co\/pt\/wp-json\/wp\/v2\/types\/page"}],"author":[{"embeddable":true,"href":"https:\/\/revistaumanizales.cinde.org.co\/pt\/wp-json\/wp\/v2\/users\/1"}],"replies":[{"embeddable":true,"href":"https:\/\/revistaumanizales.cinde.org.co\/pt\/wp-json\/wp\/v2\/comments?post=1018"}],"version-history":[{"count":7,"href":"https:\/\/revistaumanizales.cinde.org.co\/pt\/wp-json\/wp\/v2\/pages\/1018\/revisions"}],"predecessor-version":[{"id":1028,"href":"https:\/\/revistaumanizales.cinde.org.co\/pt\/wp-json\/wp\/v2\/pages\/1018\/revisions\/1028"}],"wp:attachment":[{"href":"https:\/\/revistaumanizales.cinde.org.co\/pt\/wp-json\/wp\/v2\/media?parent=1018"}],"curies":[{"name":"wp","href":"https:\/\/api.w.org\/{rel}","templated":true}]}}